{"version":"1.0","type":"rich","provider_name":"SERIES LITTERAIRES","provider_url":"https:\/\/serieslitteraires.org\/site","title":"\"J&#8217;accuse...!\" de Zola","author_name":"Val\u00e9rie P\u00e9rez","width":"480","height":"295","url":"https:\/\/www.serieslitteraires.org\/J-accuse-de-Zola","html":"\u003Ch4 class='title'\u003E\u003Ca href='https:\/\/www.serieslitteraires.org\/J-accuse-de-Zola'\u003E\"J&#8217;accuse...!\" de Zola\u003C\/a\u003E\u003C\/h4\u003E\u003Cblockquote class='spip'\u003E\n\u003Cp\u003ELe texte de Zola (Pistes p\u00e9dagogiques \u00e0 la fin du texte). \n\u003Cbr class='autobr' \/\u003E\n Lire  J\u2019accuse  de Zola&nbsp;: Parce que la lutte contre l\u2019antis\u00e9mitisme n\u2019est pas termin\u00e9e, parce qu\u2019aujourd\u2019hui encore, la justice et la v\u00e9rit\u00e9 demeurent des combats \u00e0 mener. \n\u003Cbr class='autobr' \/\u003E\nL\u2019\u00e9ducation pour agir contre le racisme et l\u2019antis\u00e9mitisme&nbsp;: cliquez ici \n\u003Cbr class='autobr' \/\u003E\nPubli\u00e9 le 13 janvier 1898 en premi\u00e8re page du quotidien parisien L\u2019Aurore, ce texte fut \u00e9crit par \u00c9mile Zola. Cette tribune qui accuse le gouvernement de l\u2019\u00e9poque d\u2019antis\u00e9mitisme dans&nbsp;(\u2026)\u003C\/p\u003E\n\u003C\/blockquote\u003E\n"}