{"version":"1.0","type":"rich","provider_name":"SERIES LITTERAIRES","provider_url":"https:\/\/serieslitteraires.org\/site","title":"Annie Ernaux - Discours Prix Nobel de Litt\u00e9rature","author_name":"Val\u00e9rie P\u00e9rez","width":"480","height":"295","url":"https:\/\/www.serieslitteraires.org\/Annie-Ernaux-Discours-Prix-Nobel-de-Litterature","html":"\u003Ch4 class='title'\u003E\u003Ca href='https:\/\/www.serieslitteraires.org\/Annie-Ernaux-Discours-Prix-Nobel-de-Litterature'\u003EAnnie Ernaux - Discours Prix Nobel de Litt\u00e9rature\u003C\/a\u003E\u003C\/h4\u003E\u003Cblockquote class='spip'\u003E\n\u003Cp\u003EEntra\u00eene-toi au bac et r\u00e9ponds aux questions suivantes&nbsp;: \n\u003Cbr class='autobr' \/\u003E\n1.\tMotivation pour \u00e9crire et devenir \u00e9crivain En quoi la formule &#171;&nbsp;J\u2019\u00e9crirai pour venger ma race&nbsp;&#187; \u00e9claire-t-elle les motivations profondes d\u2019Annie Ernaux \u00e0 devenir \u00e9crivain&nbsp;? \n\u003Cbr class='autobr' \/\u003E\n\t2.\tRapport entre \u00e9criture et exp\u00e9rience personnelle Comment Annie Ernaux montre-t-elle que l\u2019\u00e9criture na\u00eet d\u2019une tension entre l\u2019exp\u00e9rience individuelle (&#171;&nbsp;le je&nbsp;&#187;) et une histoire collective marqu\u00e9e par la domination sociale et l\u2019in\u00e9galit\u00e9 des sexes&nbsp;? \n\u003Cbr class='autobr' \/\u003E\n\t3.&nbsp;(\u2026)\u003C\/p\u003E\n\u003C\/blockquote\u003E\n"}